{"id":3328,"date":"2022-06-27T12:56:41","date_gmt":"2022-06-27T11:56:41","guid":{"rendered":"https:\/\/www.mefamo.be\/MFMarts\/?page_id=3328"},"modified":"2023-04-06T09:39:55","modified_gmt":"2023-04-06T08:39:55","slug":"formation-atelier","status":"publish","type":"page","link":"http:\/\/www.mefamo.be\/MFMarts\/formation-atelier\/","title":{"rendered":"Formation\/Atelier"},"content":{"rendered":"\t\t<div data-elementor-type=\"wp-page\" data-elementor-id=\"3328\" class=\"elementor elementor-3328\">\n\t\t\t\t\t\t<section class=\"elementor-section elementor-top-section elementor-element elementor-element-50578e6 elementor-section-boxed elementor-section-height-default elementor-section-height-default\" data-id=\"50578e6\" data-element_type=\"section\">\n\t\t\t\t\t\t<div class=\"elementor-container elementor-column-gap-default\">\n\t\t\t\t\t<div class=\"elementor-column elementor-col-100 elementor-top-column elementor-element elementor-element-9582d3\" data-id=\"9582d3\" data-element_type=\"column\">\n\t\t\t<div class=\"elementor-widget-wrap\">\n\t\t\t\t\t\t\t<\/div>\n\t\t<\/div>\n\t\t\t\t\t<\/div>\n\t\t<\/section>\n\t\t\t\t<section class=\"elementor-section elementor-top-section elementor-element elementor-element-535b15f elementor-section-boxed elementor-section-height-default elementor-section-height-default\" data-id=\"535b15f\" data-element_type=\"section\">\n\t\t\t\t\t\t<div class=\"elementor-container elementor-column-gap-default\">\n\t\t\t\t\t<div class=\"elementor-column elementor-col-100 elementor-top-column elementor-element elementor-element-5eb3f87\" data-id=\"5eb3f87\" data-element_type=\"column\">\n\t\t\t<div class=\"elementor-widget-wrap elementor-element-populated\">\n\t\t\t\t\t\t<div class=\"elementor-element elementor-element-e3901df elementor-widget elementor-widget-html\" data-id=\"e3901df\" data-element_type=\"widget\" data-widget_type=\"html.default\">\n\t\t\t\t<div class=\"elementor-widget-container\">\n\t\t\t<div id=\"formation\" class=\"formrectangle\">\n    <img class='formimg' src='https:\/\/zupimages.net\/up\/23\/14\/rx8c.png'\/>\n    \n      <p>\n        Cr\u00e9\u00e9 en septembre 2010, A Chacun Son Cin\u00e9ma est un collectif \u00e0 vocation sociale et citoyenne. Il est compos\u00e9 de professionnels du cin\u00e9ma, de l\u2019animation et du th\u00e9\u00e2tre ayant pour but de partager leur passion au plus large public avec des projets audiovisuels originaux. Leur ambition est \u00e9galement de proposer \u00e0 chacun, au travers du processus de cr\u00e9ation d\u2019un film ou d\u2019un projet vid\u00e9oludique, de pouvoir d\u00e9crypter le fonctionnement des m\u00e9dias et de d\u00e9velopper un esprit critique sur les messages qu\u2019ils v\u00e9hiculent. A Chacun Son Cin\u00e9ma cr\u00e9e r\u00e9guli\u00e8rement des outils p\u00e9dagogiques de sensibilisation ou de r\u00e9flexion lors d\u2019ateliers dispens\u00e9s en milieu scolaire ou extra-scolaire.\n<\/br><\/br>\nLa structure propose \u00e9galement des stages cin\u00e9ma jeunes lors des diff\u00e9rentes vacances scolaires.\n         <\/p>\n          <iframe id=\"formvid\" src=\"https:\/\/www.youtube.com\/embed\/ikOpJbRqeD4\" title=\"YouTube video player\" frameborder=\"0\" allow=\"accelerometer; autoplay; clipboard-write; encrypted-media; gyroscope; picture-in-picture; web-share\" allowfullscreen><\/iframe>\n \n          <a href=\"mailto:info@chacunsoncinema.be\/\"><img decoding=\"async\" class=\"formbtn\" src=\"https:\/\/zupimages.net\/up\/23\/14\/an7q.png\"\/><\/a>\n    \n<\/div>\t\t<\/div>\n\t\t\t\t<\/div>\n\t\t\t\t\t<\/div>\n\t\t<\/div>\n\t\t\t\t\t<\/div>\n\t\t<\/section>\n\t\t\t\t<section class=\"elementor-section elementor-top-section elementor-element elementor-element-8e48670 elementor-section-boxed elementor-section-height-default elementor-section-height-default\" data-id=\"8e48670\" data-element_type=\"section\">\n\t\t\t\t\t\t<div class=\"elementor-container elementor-column-gap-default\">\n\t\t\t\t\t<div class=\"elementor-column elementor-col-100 elementor-top-column elementor-element elementor-element-25978c0\" data-id=\"25978c0\" data-element_type=\"column\">\n\t\t\t<div class=\"elementor-widget-wrap elementor-element-populated\">\n\t\t\t\t\t\t<div class=\"elementor-element elementor-element-b73c538 elementor-widget elementor-widget-html\" data-id=\"b73c538\" data-element_type=\"widget\" data-widget_type=\"html.default\">\n\t\t\t\t<div class=\"elementor-widget-container\">\n\t\t\t<div class=\"form2rectangle\">\n    <img decoding=\"async\" class=\"form2img\" src=\"https:\/\/zupimages.net\/up\/23\/14\/ockq.png\"\/>\n    \n      <p class=\"formation2\">\n        M\u00eame si le laboratoire chim\u00e9rique \u00e9tait \u00e0 l\u2019origine destin\u00e9 aux professionnels, ses m\u00e9thodes ont \u00e9t\u00e9 tr\u00e8s vite d\u00e9clin\u00e9es pour devenir des modules d\u2019initiation \u00e0 la cr\u00e9ation filmique ou vid\u00e9o-ludique, et des ateliers cr\u00e9atifs \u00e9tendant ces m\u00e9thodes \u00e0 d\u2019autres arts visuels. \n<\/br><\/br>\nL\u2019animation De l\u2019id\u00e9e \u00e0 la page est la porte d\u2019entr\u00e9e du laboratoire ; \u00e0 travers une \u00e9tude de cas personnelle (la cr\u00e9ation d\u2019un personnage fantastique d\u2019un conte gothique), l\u2019animation d\u00e9voile le processus de d\u00e9veloppement aidant \u00e0 accomplir les choix d\u00e9terminants pour un r\u00e9cit  (ou vid\u00e9oludique), le d\u00e9ploiement de son esth\u00e9tique, et la coh\u00e9rence de ses th\u00e8mes.\n         <\/p>\n         \n          <p class=\"forma2\">\n      Nous mettons \u00e9galement en \u00e9vidence les interactions des diff\u00e9rents arts n\u00e9cessaires \u00e0 la concr\u00e9tisation d\u2019un projet (comment se r\u00e9pondent, s\u2019alimentent et se motivent id\u00e9es, esquisses, synopsis, images, recherches\u2026).\n<\/br><\/br>\nNotre volont\u00e9 est de montrer comment on \u00e9volue de l\u2019id\u00e9e \u00e0 la page, en faisant vivre les \u00e9changes fertiles entre les formes cr\u00e9atives, et en sensibilisant les participants aux nombreux \u00e9l\u00e9ments qui conditionnent la fabrication d\u2019un produit culturel narratif. L\u2019approche se veut pragmatique, riche en exemples concrets (qui sont souvent ceux de l\u2019animateur ou de ses collaborateurs), en prise directe avec le secteur de la cr\u00e9ation.\n<\/br><\/br>\nLe ton est ludique, passionn\u00e9 (on esp\u00e8re passionnant) et toujours tourn\u00e9 vers les participants.\n<\/br><\/br>\nCette animation de base, qui prend la forme de discussion et d\u2019\u00e9change d\u2019id\u00e9e autour de simples images, des photos de synopsis, et de quelques courts extraits vid\u00e9os, peut se d\u00e9velopper en coaching artistique, en ateliers cr\u00e9atifs, ou m\u00eame en consultance pour aider les auteurs en r\u00e9flexion. Nous pouvons \u00e0 l\u2019occasion pr\u00e9senter quelques outils, comme une cam\u00e9ra num\u00e9rique, des logiciels, des tablettes graphiques\u2026\n         <\/p>\n     \n      <p class=\"forma3\">\n     Le d\u00e9veloppement de l\u2019animation prendra la forme de brainstorming cr\u00e9atif : \u00e0 partir des id\u00e9es ou d\u2019une image issue des participants, nous allons construire collectivement des bases de r\u00e9cit, d\u2019univers, de personnages\u2026 tout en ramenant r\u00e9guli\u00e8rement des r\u00e9flexions sur la possibilit\u00e9 de transposer ces envies \u00e0 la page (quelles sont les ressources techniques, et comment les employer). La dynamique de gestion de groupe, tr\u00e8s horizontale, favorisera les \u00e9changes de connaissance entre les participants eux-m\u00eames, mettant en \u00e9vidence leur compl\u00e9mentarit\u00e9.\n<\/br><\/br>\nSurtout, nous voulons que ce voyage dans la conception des \u0153uvres, avive les passions et envies cr\u00e9atives des participants !\n         <\/p>\n    <iframe id=\"form2vid\" src=\"https:\/\/www.youtube.com\/embed\/jKkANblxXqs\" title=\"YouTube video player\" frameborder=\"0\" allow=\"accelerometer; autoplay; clipboard-write; encrypted-media; gyroscope; picture-in-picture; web-share\" allowfullscreen><\/iframe>\n<\/div>\t\t<\/div>\n\t\t\t\t<\/div>\n\t\t\t\t\t<\/div>\n\t\t<\/div>\n\t\t\t\t\t<\/div>\n\t\t<\/section>\n\t\t\t\t<\/div>\n\t\t","protected":false},"excerpt":{"rendered":"<p>Cr\u00e9\u00e9 en septembre 2010, A Chacun Son Cin\u00e9ma est un collectif \u00e0 vocation sociale et&hellip;<\/p>\n","protected":false},"author":1,"featured_media":0,"parent":0,"menu_order":0,"comment_status":"closed","ping_status":"closed","template":"","meta":[],"yoast_head":"<!-- This site is optimized with the Yoast SEO plugin v20.2.1 - https:\/\/yoast.com\/wordpress\/plugins\/seo\/ -->\n<title>Formation\/Atelier - Mefamo<\/title>\n<meta name=\"robots\" content=\"index, follow, max-snippet:-1, max-image-preview:large, max-video-preview:-1\" \/>\n<link rel=\"canonical\" href=\"https:\/\/www.mefamo.be\/MFMarts\/formation-atelier\/\" \/>\n<meta property=\"og:locale\" content=\"fr_FR\" \/>\n<meta property=\"og:type\" content=\"article\" \/>\n<meta property=\"og:title\" content=\"Formation\/Atelier - Mefamo\" \/>\n<meta property=\"og:description\" content=\"Cr\u00e9\u00e9 en septembre 2010, A Chacun Son Cin\u00e9ma est un collectif \u00e0 vocation sociale et&hellip;\" \/>\n<meta property=\"og:url\" content=\"https:\/\/www.mefamo.be\/MFMarts\/formation-atelier\/\" \/>\n<meta property=\"og:site_name\" content=\"Mefamo\" \/>\n<meta property=\"article:modified_time\" content=\"2023-04-06T08:39:55+00:00\" \/>\n<meta property=\"og:image\" content=\"https:\/\/zupimages.net\/up\/23\/14\/rx8c.png\" \/>\n<meta name=\"twitter:card\" content=\"summary_large_image\" \/>\n<meta name=\"twitter:label1\" content=\"Dur\u00e9e de lecture estim\u00e9e\" \/>\n\t<meta name=\"twitter:data1\" content=\"4 minutes\" \/>\n<script type=\"application\/ld+json\" class=\"yoast-schema-graph\">{\"@context\":\"https:\/\/schema.org\",\"@graph\":[{\"@type\":\"WebPage\",\"@id\":\"https:\/\/www.mefamo.be\/MFMarts\/formation-atelier\/\",\"url\":\"https:\/\/www.mefamo.be\/MFMarts\/formation-atelier\/\",\"name\":\"Formation\/Atelier - Mefamo\",\"isPartOf\":{\"@id\":\"http:\/\/www.mefamo.be\/MFMarts\/#website\"},\"datePublished\":\"2022-06-27T11:56:41+00:00\",\"dateModified\":\"2023-04-06T08:39:55+00:00\",\"breadcrumb\":{\"@id\":\"https:\/\/www.mefamo.be\/MFMarts\/formation-atelier\/#breadcrumb\"},\"inLanguage\":\"fr-FR\",\"potentialAction\":[{\"@type\":\"ReadAction\",\"target\":[\"https:\/\/www.mefamo.be\/MFMarts\/formation-atelier\/\"]}]},{\"@type\":\"BreadcrumbList\",\"@id\":\"https:\/\/www.mefamo.be\/MFMarts\/formation-atelier\/#breadcrumb\",\"itemListElement\":[{\"@type\":\"ListItem\",\"position\":1,\"name\":\"Accueil\",\"item\":\"http:\/\/www.mefamo.be\/MFMarts\/\"},{\"@type\":\"ListItem\",\"position\":2,\"name\":\"Formation\/Atelier\"}]},{\"@type\":\"WebSite\",\"@id\":\"http:\/\/www.mefamo.be\/MFMarts\/#website\",\"url\":\"http:\/\/www.mefamo.be\/MFMarts\/\",\"name\":\"Mefamo\",\"description\":\"L&#039;imaginaire en mouvement\",\"publisher\":{\"@id\":\"http:\/\/www.mefamo.be\/MFMarts\/#organization\"},\"potentialAction\":[{\"@type\":\"SearchAction\",\"target\":{\"@type\":\"EntryPoint\",\"urlTemplate\":\"http:\/\/www.mefamo.be\/MFMarts\/?s={search_term_string}\"},\"query-input\":\"required name=search_term_string\"}],\"inLanguage\":\"fr-FR\"},{\"@type\":\"Organization\",\"@id\":\"http:\/\/www.mefamo.be\/MFMarts\/#organization\",\"name\":\"Mefamo\",\"url\":\"http:\/\/www.mefamo.be\/MFMarts\/\",\"logo\":{\"@type\":\"ImageObject\",\"inLanguage\":\"fr-FR\",\"@id\":\"http:\/\/www.mefamo.be\/MFMarts\/#\/schema\/logo\/image\/\",\"url\":\"http:\/\/www.mefamo.be\/MFMarts\/wp-content\/uploads\/2016\/09\/Logo-Mefamo-e1474883034358.png\",\"contentUrl\":\"http:\/\/www.mefamo.be\/MFMarts\/wp-content\/uploads\/2016\/09\/Logo-Mefamo-e1474883034358.png\",\"width\":178,\"height\":50,\"caption\":\"Mefamo\"},\"image\":{\"@id\":\"http:\/\/www.mefamo.be\/MFMarts\/#\/schema\/logo\/image\/\"}}]}<\/script>\n<!-- \/ Yoast SEO plugin. -->","yoast_head_json":{"title":"Formation\/Atelier - Mefamo","robots":{"index":"index","follow":"follow","max-snippet":"max-snippet:-1","max-image-preview":"max-image-preview:large","max-video-preview":"max-video-preview:-1"},"canonical":"https:\/\/www.mefamo.be\/MFMarts\/formation-atelier\/","og_locale":"fr_FR","og_type":"article","og_title":"Formation\/Atelier - Mefamo","og_description":"Cr\u00e9\u00e9 en septembre 2010, A Chacun Son Cin\u00e9ma est un collectif \u00e0 vocation sociale et&hellip;","og_url":"https:\/\/www.mefamo.be\/MFMarts\/formation-atelier\/","og_site_name":"Mefamo","article_modified_time":"2023-04-06T08:39:55+00:00","og_image":[{"url":"https:\/\/zupimages.net\/up\/23\/14\/rx8c.png"}],"twitter_card":"summary_large_image","twitter_misc":{"Dur\u00e9e de lecture estim\u00e9e":"4 minutes"},"schema":{"@context":"https:\/\/schema.org","@graph":[{"@type":"WebPage","@id":"https:\/\/www.mefamo.be\/MFMarts\/formation-atelier\/","url":"https:\/\/www.mefamo.be\/MFMarts\/formation-atelier\/","name":"Formation\/Atelier - Mefamo","isPartOf":{"@id":"http:\/\/www.mefamo.be\/MFMarts\/#website"},"datePublished":"2022-06-27T11:56:41+00:00","dateModified":"2023-04-06T08:39:55+00:00","breadcrumb":{"@id":"https:\/\/www.mefamo.be\/MFMarts\/formation-atelier\/#breadcrumb"},"inLanguage":"fr-FR","potentialAction":[{"@type":"ReadAction","target":["https:\/\/www.mefamo.be\/MFMarts\/formation-atelier\/"]}]},{"@type":"BreadcrumbList","@id":"https:\/\/www.mefamo.be\/MFMarts\/formation-atelier\/#breadcrumb","itemListElement":[{"@type":"ListItem","position":1,"name":"Accueil","item":"http:\/\/www.mefamo.be\/MFMarts\/"},{"@type":"ListItem","position":2,"name":"Formation\/Atelier"}]},{"@type":"WebSite","@id":"http:\/\/www.mefamo.be\/MFMarts\/#website","url":"http:\/\/www.mefamo.be\/MFMarts\/","name":"Mefamo","description":"L&#039;imaginaire en mouvement","publisher":{"@id":"http:\/\/www.mefamo.be\/MFMarts\/#organization"},"potentialAction":[{"@type":"SearchAction","target":{"@type":"EntryPoint","urlTemplate":"http:\/\/www.mefamo.be\/MFMarts\/?s={search_term_string}"},"query-input":"required name=search_term_string"}],"inLanguage":"fr-FR"},{"@type":"Organization","@id":"http:\/\/www.mefamo.be\/MFMarts\/#organization","name":"Mefamo","url":"http:\/\/www.mefamo.be\/MFMarts\/","logo":{"@type":"ImageObject","inLanguage":"fr-FR","@id":"http:\/\/www.mefamo.be\/MFMarts\/#\/schema\/logo\/image\/","url":"http:\/\/www.mefamo.be\/MFMarts\/wp-content\/uploads\/2016\/09\/Logo-Mefamo-e1474883034358.png","contentUrl":"http:\/\/www.mefamo.be\/MFMarts\/wp-content\/uploads\/2016\/09\/Logo-Mefamo-e1474883034358.png","width":178,"height":50,"caption":"Mefamo"},"image":{"@id":"http:\/\/www.mefamo.be\/MFMarts\/#\/schema\/logo\/image\/"}}]}},"_links":{"self":[{"href":"http:\/\/www.mefamo.be\/MFMarts\/wp-json\/wp\/v2\/pages\/3328"}],"collection":[{"href":"http:\/\/www.mefamo.be\/MFMarts\/wp-json\/wp\/v2\/pages"}],"about":[{"href":"http:\/\/www.mefamo.be\/MFMarts\/wp-json\/wp\/v2\/types\/page"}],"author":[{"embeddable":true,"href":"http:\/\/www.mefamo.be\/MFMarts\/wp-json\/wp\/v2\/users\/1"}],"replies":[{"embeddable":true,"href":"http:\/\/www.mefamo.be\/MFMarts\/wp-json\/wp\/v2\/comments?post=3328"}],"version-history":[{"count":88,"href":"http:\/\/www.mefamo.be\/MFMarts\/wp-json\/wp\/v2\/pages\/3328\/revisions"}],"predecessor-version":[{"id":5573,"href":"http:\/\/www.mefamo.be\/MFMarts\/wp-json\/wp\/v2\/pages\/3328\/revisions\/5573"}],"wp:attachment":[{"href":"http:\/\/www.mefamo.be\/MFMarts\/wp-json\/wp\/v2\/media?parent=3328"}],"curies":[{"name":"wp","href":"https:\/\/api.w.org\/{rel}","templated":true}]}}